{"id":1859,"date":"2011-01-18T13:25:24","date_gmt":"2011-01-18T16:25:24","guid":{"rendered":"http:\/\/www.labec.com.br\/biodigital\/?page_id=1859"},"modified":"2011-01-18T15:35:55","modified_gmt":"2011-01-18T18:35:55","slug":"fauna","status":"publish","type":"page","link":"http:\/\/www.labec.com.br\/biodigital\/ambientes\/praia\/fauna\/","title":{"rendered":"Fauna"},"content":{"rendered":"<p style=\"TEXT-ALIGN: center; FONT-FAMILY: \"><span style=\"font-family: comic sans ms,sans-serif;\"><span style=\"font-size: small;\"><a href=\"http:\/\/www.labec.com.br\/biodigital\/wordpress\/wp-content\/uploads\/2011\/01\/fauna.jpg\"><img decoding=\"async\" loading=\"lazy\" class=\"size-medium wp-image-1860  aligncenter\" title=\"fauna\" src=\"http:\/\/www.labec.com.br\/biodigital\/wordpress\/wp-content\/uploads\/2011\/01\/fauna-300x151.jpg\" alt=\"fauna\" width=\"300\" height=\"151\" srcset=\"http:\/\/www.labec.com.br\/biodigital\/wordpress\/wp-content\/uploads\/2011\/01\/fauna-300x151.jpg 300w, http:\/\/www.labec.com.br\/biodigital\/wordpress\/wp-content\/uploads\/2011\/01\/fauna.jpg 800w\" sizes=\"(max-width: 300px) 100vw, 300px\" \/><\/a><\/span><\/span><span style=\"font-family: comic sans ms,sans-serif;\"><span style=\"font-size: small;\">\u00a0<\/span><\/span><\/p>\n<p style=\"text-align: justify;\"><span style=\"font-family: comic sans ms,sans-serif;\"><span style=\"font-size: small;\">A praia \u00e9 um ambiente de transi\u00e7\u00e3o entre o mar e o continente, sujeito a varia\u00e7\u00f5es de temperatura do ar e da \u00e1gua, da intensidade dos raios solares e da freq\u00fc\u00eancia dos ventos. Al\u00e9m desses fatores, seu substrato, formado basicamente por areia, \u00e9 estruturalmente inst\u00e1vel e est\u00e1 sujeito \u00e0 mobiliza\u00e7\u00e3o pela a\u00e7\u00e3o das ondas.<br \/>\nApesar de todas essas caracter\u00edsticas, a praia apresenta uma rica biodiversidade e, o que poderia parecer \u00e0 primeira vista um lugar in\u00f3spito, demonstra na verdade uma variedade impressionante de vida, com uma fauna caracter\u00edstica, adaptada, comportamental, morfol\u00f3gica e fisiologicamente, para sobreviver nesse dif\u00edcil habitat.<br \/>\nAs praias apresentam animais permanentes e tempor\u00e1rios. Toda essa fauna faz parte de complexas cadeias biol\u00f3gicas e, al\u00e9m do valor ecol\u00f3gico, muitas esp\u00e9cies apresentam grande import\u00e2ncia econ\u00f4mica, sendo utilizada na alimenta\u00e7\u00e3o humana ou mesmo na extra\u00e7\u00e3o de compostos para utiliza\u00e7\u00e3o m\u00e9dica. Pode-se citar tamb\u00e9m o papel que podem exercer como avaliadores da qualidade ambiental. Assim, os estudos da fauna das praias devem ser incentivados cada vez mais, para as esp\u00e9cies serem melhor compreendidas e preservadas.<\/span><\/span><\/p>\n<p style=\"text-align: justify;\"><span style=\"font-family: comic sans ms,sans-serif;\"><span style=\"font-size: small;\">\u00a0<\/span><\/span><\/p>\n<p style=\"TEXT-ALIGN: justify\"><span style=\"font-family: comic sans ms,sans-serif;\"><span style=\"font-size: small;\"><strong><span style=\"font-size: medium;\">CLASSIFICA\u00c7\u00c3O<\/span><\/strong><\/span><\/span><\/p>\n<p style=\"TEXT-ALIGN: justify\"><span style=\"font-family: comic sans ms,sans-serif;\"><span style=\"font-size: small;\"><strong><span style=\"font-size: medium;\">\u00a0<\/span><\/strong><\/span><\/span><span style=\"font-family: comic sans ms,sans-serif;\"><span style=\"font-size: small;\">A fauna de praias pode ser classificada de acordo com:<\/span><\/span><\/p>\n<p style=\"TEXT-ALIGN: justify\"><span style=\"font-family: comic sans ms,sans-serif;\"><span style=\"font-size: small;\">\u00a0<\/span><\/span><span style=\"font-family: comic sans ms,sans-serif;\"><span style=\"font-size: small;\">&#8211; <span style=\"text-decoration: underline;\">O modo de vida<\/span>:<\/span><\/span><\/p>\n<ul style=\"text-align: justify;\">\n<li>\n<div style=\"text-align: justify;\"><span style=\"font-family: comic sans ms,sans-serif;\"><span style=\"font-size: small;\">\u00a0<\/span><\/span><span style=\"font-family: comic sans ms,sans-serif;\"><span style=\"font-size: small;\"><em>Epifauna<\/em>: organismos que vivem sobre o substrato<\/span><\/span><\/div>\n<\/li>\n<li>\n<div style=\"TEXT-ALIGN: justify\"><span style=\"font-family: comic sans ms,sans-serif;\"><span style=\"font-size: small;\">\u00a0<\/span><\/span><span style=\"font-family: comic sans ms,sans-serif;\"><span style=\"font-size: small;\"><em>Infauna<\/em>: organismos que vivem enterrados no substrato<\/span><\/span>\u00a0<\/div>\n<\/li>\n<\/ul>\n<p style=\"text-align: justify;\"><span style=\"font-family: comic sans ms,sans-serif;\"><span style=\"font-size: small;\">&#8211; <span style=\"text-decoration: underline;\">O tamanho<\/span>:<\/span><\/span><\/p>\n<ul style=\"text-align: justify;\">\n<li>\n<div style=\"TEXT-ALIGN: justify\"><span style=\"font-family: comic sans ms,sans-serif;\"><span style=\"font-size: small;\"><em>Macrofauna<\/em>: organismos maiores que 500\u00b5<\/span><\/span><\/div>\n<\/li>\n<li>\n<div style=\"TEXT-ALIGN: justify\"><span style=\"font-family: comic sans ms,sans-serif;\"><span style=\"font-size: small;\">\u00a0<\/span><\/span><span style=\"font-family: comic sans ms,sans-serif;\"><span style=\"font-size: small;\"><em>Meiofauna<\/em>: organismos entre 62 e 500\u00b5,<\/span><\/span><\/div>\n<\/li>\n<\/ul>\n<p style=\"text-align: justify;\"><span style=\"font-family: comic sans ms,sans-serif;\"><span style=\"font-size: small;\">\u00a0<\/span><\/span><\/p>\n<p style=\"text-align: justify;\"><span style=\"font-family: comic sans ms,sans-serif;\"><span style=\"font-size: small;\"><span style=\"font-size: medium;\"><strong>ESP\u00c9CIES DE INVERTEBRADOS DAS PRAIAS DE SERGIPE<\/strong><\/span><\/span><\/span><\/p>\n<p style=\"text-align: justify;\"><span style=\"font-family: comic sans ms,sans-serif;\"><span style=\"font-size: small;\">Dentre os v\u00e1rios animais que existem nas praias, os invertebrados apresentam-se em grande abund\u00e2ncia e riqueza, com mecanismos para sobreviver \u00e0s adversidades do ambiente.<br \/>\nQuase todos os filos de invertebrados est\u00e3o presentes, ser\u00e3o citados aqui algumas esp\u00e9cies mais abundantes e vis\u00edveis:<\/span><\/span><span style=\"font-family: comic sans ms,sans-serif;\"><br class=\"spacer_\" \/><\/span><\/p>\n<p style=\"text-align: justify;\"><span style=\"font-family: comic sans ms,sans-serif;\"><span style=\"font-size: small;\"><strong><br \/>\nAnnelida<\/strong><\/span><\/span><\/p>\n<ul style=\"text-align: justify;\">\n<li><span style=\"font-family: comic sans ms,sans-serif;\"><span style=\"font-size: small;\"><em>Hemipodus olivieri<\/em> (Orensanz &amp; Gianuca,1974)<\/span><\/span><\/li>\n<li><span style=\"font-family: comic sans ms,sans-serif;\">\u00a0<\/span><span style=\"font-family: comic sans ms,sans-serif;\"><span style=\"font-size: small;\"><em>Pisionidens indica<\/em> (Aiyar &amp; Alikunhi, 1940)<\/span><\/span><\/li>\n<li><span style=\"font-family: comic sans ms,sans-serif;\">\u00a0<\/span><span style=\"font-family: comic sans ms,sans-serif;\"><span style=\"font-size: small;\"><em>Scolelepis squamata<\/em><\/span><\/span><\/li>\n<\/ul>\n<p style=\"text-align: justify;\"><span style=\"font-family: comic sans ms,sans-serif;\"><span style=\"font-size: small;\"><strong>\u00a0<\/strong><\/span><\/span><\/p>\n<p style=\"text-align: justify;\"><span style=\"font-family: comic sans ms,sans-serif;\"><span style=\"font-size: small;\"><strong>Arthropoda<\/strong><\/span><\/span><\/p>\n<ul style=\"text-align: justify;\">\n<li><span style=\"font-family: comic sans ms,sans-serif;\"><span style=\"font-size: small;\"><em>Arenaeus cribrarius<\/em> (Lamarck, 1818) \u2013 siri chita<\/span><\/span><\/li>\n<li>\n<div style=\"text-align: justify;\"><span style=\"font-family: comic sans ms,sans-serif;\"><span style=\"font-size: small;\"><em>Callichirus major<\/em> (Say, 1818) \u2013 corrupto<\/span><\/span><\/div>\n<\/li>\n<li>\n<div style=\"TEXT-ALIGN: justify; FONT-FAMILY: \"><em><span style=\"font-family: comic sans ms,sans-serif;\"><span style=\"font-size: small;\">Callinectes sp.<\/span><\/span><\/em><\/div>\n<\/li>\n<li>\n<div style=\"text-align: justify;\"><span style=\"font-family: comic sans ms,sans-serif;\"><span style=\"font-size: small;\"><em>Emerita portoricensis<\/em> (Schmitt, 1935)<\/span><\/span><\/div>\n<\/li>\n<li>\n<div style=\"text-align: justify;\"><span style=\"font-family: comic sans ms,sans-serif;\"><span style=\"font-size: small;\"><em>Lepidopa richmondi<\/em> (Benedict, 1903)<\/span><\/span><\/div>\n<\/li>\n<li>\n<div style=\"text-align: justify;\"><span style=\"font-family: comic sans ms,sans-serif;\"><span style=\"font-size: small;\"><em>Ocypode quadrata<\/em> (Fabricius, 1787) \u2013 maria-farinha<\/span><\/span><\/div>\n<\/li>\n<\/ul>\n<p style=\"text-align: justify;\"><strong><span style=\"font-family: comic sans ms,sans-serif;\"><span style=\"font-size: small;\">\u00a0<\/span><\/span><\/strong><\/p>\n<p style=\"text-align: justify;\"><span style=\"font-family: comic sans ms,sans-serif;\"><span style=\"font-size: small;\"><strong>Echinodermata <\/strong><\/span><\/span><\/p>\n<ul style=\"text-align: justify;\">\n<li>\n<div style=\"TEXT-ALIGN: justify; FONT-FAMILY: \"><span style=\"font-family: comic sans ms,sans-serif;\"><span style=\"font-size: small;\"><em><a href=\"http:\/\/www.labec.com.br\/biodigital\/fauna\/echinodermata\/asteroidea\/astropecten-marginatus\/\"><span style=\"color: #808000;\">Astropecten marginatus<\/span><\/a><\/em> (Gray, 1840) \u2013 estrela do mar <\/span><\/span><\/div>\n<\/li>\n<li>\n<div style=\"TEXT-ALIGN: justify; FONT-FAMILY: \"><span style=\"font-family: comic sans ms,sans-serif;\"><span style=\"font-size: small;\"><em>Mellita quinquiesperforata<\/em> (Leske, 1778) \u2013 bolacha do mar<\/span><\/span><\/div>\n<\/li>\n<\/ul>\n<p style=\"text-align: justify;\"><span style=\"font-family: comic sans ms,sans-serif;\"><span style=\"font-size: small;\"><strong>\u00a0<\/strong><\/span><\/span><\/p>\n<p style=\"text-align: justify;\"><span style=\"font-family: comic sans ms,sans-serif;\"><span style=\"font-size: small;\"><strong>Mollusca<\/strong><\/span><\/span><\/p>\n<p style=\"text-align: justify;\"><span style=\"font-size: small;\"><span style=\"font-family: comic sans ms,sans-serif;\">&#8211; <span style=\"text-decoration: underline;\">Classe Bivalvia<\/span><\/span><\/span><\/p>\n<ul>\n<li>\n<div style=\"text-align: justify;\"><span style=\"font-size: small;\"><span style=\"font-family: comic sans ms,sans-serif;\"><em>Anadara notabilis<\/em> (Roding, 1798)<\/span><\/span><\/div>\n<\/li>\n<li>\n<div style=\"text-align: justify;\"><span style=\"font-size: small;\"><span style=\"font-family: comic sans ms,sans-serif;\"><em>Donax gemmula<\/em> (Morrison, 1971)<\/span><\/span><\/div>\n<\/li>\n<li>\n<div style=\"text-align: justify;\"><span style=\"font-size: small;\"><span style=\"font-family: comic sans ms,sans-serif;\"><em>Donax variabilis<\/em> (Say, 1822)<\/span><\/span><\/div>\n<\/li>\n<li>\n<div style=\"TEXT-ALIGN: justify; FONT-FAMILY: \"><em><span style=\"font-size: small;\"><span style=\"font-family: comic sans ms,sans-serif;\">Tellina sp.<\/span><\/span><\/em><\/div>\n<\/li>\n<li>\n<div style=\"text-align: justify;\"><span style=\"font-size: small;\"><span style=\"font-family: comic sans ms,sans-serif;\"><em>Tivela mactroides<\/em> (Born, 1778)<\/span><\/span><\/div>\n<\/li>\n<li>\n<div style=\"TEXT-ALIGN: justify; FONT-FAMILY: \"><em><span style=\"font-size: small;\"><span style=\"font-family: comic sans ms,sans-serif;\">Strigilla sp.<\/span><\/span><\/em><\/div>\n<\/li>\n<\/ul>\n<p style=\"text-align: justify;\"><span style=\"font-size: small;\"><span style=\"font-family: comic sans ms,sans-serif;\">&#8211; <span style=\"text-decoration: underline;\">Classe Gastropoda<\/span><\/span><\/span><\/p>\n<ul>\n<li>\n<div style=\"text-align: justify;\"><span style=\"font-size: small;\"><span style=\"font-family: comic sans ms,sans-serif;\"><em>Hastula cinerea<\/em> (Born, 1778)<\/span><\/span><\/div>\n<\/li>\n<li>\n<div style=\"text-align: justify;\"><span style=\"font-size: small;\"><span style=\"font-family: comic sans ms,sans-serif;\"><em>Hastula salleana<\/em> (Deshayes, 1859)<\/span><\/span><\/div>\n<\/li>\n<li>\n<div style=\"text-align: justify;\"><span style=\"font-size: small;\"><span style=\"font-family: comic sans ms,sans-serif;\"><em>Phalium granulatum<\/em> (Born, 1778)<\/span><\/span><\/div>\n<\/li>\n<li>\n<div style=\"text-align: justify;\"><span style=\"font-size: small;\"><span style=\"font-family: comic sans ms,sans-serif;\"><em>Olivella minuta<\/em> (Link, 1807)<\/span><\/span><\/div>\n<\/li>\n<li>\n<div style=\"text-align: justify;\"><span style=\"font-size: small;\"><span style=\"font-family: comic sans ms,sans-serif;\"><em>Terebra riosi<\/em> (Bratcher &amp; Cernohorsky, 1985)<\/span><\/span><\/div>\n<\/li>\n<\/ul>\n<p><span style=\"font-size: small;\"><span style=\"font-family: comic sans ms,sans-serif;\">\u00a0<\/span><\/span><\/p>\n<div style=\"text-align: justify;\">\n<div><span style=\"color: #888888;\"><span style=\"font-size: x-small;\"><span style=\"font-family: comic sans ms,sans-serif;\"><strong>Refer\u00eancias Bibliogr\u00e1ficas:<\/strong><\/span><\/span><\/span><\/div>\n<p><span style=\"color: #888888;\"><span style=\"font-size: x-small;\"><span style=\"font-family: comic sans ms,sans-serif;\"><span style=\"color: #888888;\"><span style=\"font-size: x-small;\"><span style=\"font-family: comic sans ms,sans-serif;\">AMARAL, A. C. Z.; AMARAL, E. H. M.; LEITE, F. P. P.; GIANUCA, N, M. 2002. Avalia\u00e7\u00e3o e a\u00e7\u00f5es priorit\u00e1rias para a conserva\u00e7\u00e3o da biodiversidade da zona costeira e marinha: Diagn\u00f3stico sobre praias arenosas. Dispon\u00edvel em: &lt;<a href=\"http:\/\/www.anp.gov.br\/brasil-rounds\/round8\/round8\/guias_r8\/perfuracao_r8\/%C3%81reas_Priorit%C3%A1rias\/Praias%20arenosas.pdf\"><span style=\"color: #888888;\"><span style=\"font-size: x-small;\"><span style=\"font-family: comic sans ms,sans-serif;\">http:\/\/www.anp.gov.br\/brasil-rounds\/round8\/round8\/guias_r8\/perfuracao_r8\/%C3%81reas_Priorit%C3%A1rias\/Praias%20arenosas.pdf<\/span><\/span><\/span><\/a><span style=\"color: #888888;\"><span style=\"font-size: x-small;\"><span style=\"font-family: comic sans ms,sans-serif;\">&gt;. Acesso em: 10 jan. 2011.<\/span><\/span><\/span><\/span><\/span><\/span><\/span><\/span><\/span><\/p>\n<p><span style=\"color: #888888;\"><span style=\"font-size: x-small;\"><span style=\"font-family: comic sans ms,sans-serif;\">Site:<br \/>\n<\/span><\/span><\/span><a href=\"http:\/\/www.cfh.ufsc.br\/~oceano\/documents\/OCEAN_BIOL.pdf\"><span style=\"color: #888888;\"><span style=\"font-size: x-small;\"><span style=\"font-family: comic sans ms,sans-serif;\">http:\/\/www.cfh.ufsc.br\/~oceano\/documents\/OCEAN_BIOL.pdf<\/span><\/span><\/span><\/a><\/p>\n<p><br class=\"spacer_\" \/><\/p>\n<p><br class=\"spacer_\" \/><\/p>\n<p style=\"text-align: center;\"><a href=\"http:\/\/www.labec.com.br\/biodigital\/ambientes\/praia\/\"><span style=\"font-family: comic sans ms,sans-serif;\"><span style=\"font-size: medium;\"><strong><span style=\"color: #808000;\">VOLTAR<\/span><\/strong><\/span><\/span><\/a><\/p>\n<\/div>\n","protected":false},"excerpt":{"rendered":"<p>\u00a0 A praia \u00e9 um ambiente de transi\u00e7\u00e3o entre o mar e o continente, sujeito a varia\u00e7\u00f5es de temperatura do ar e da \u00e1gua, da intensidade dos raios solares e da freq\u00fc\u00eancia dos ventos. Al\u00e9m desses fatores, seu substrato, formado basicamente por areia, \u00e9 estruturalmente inst\u00e1vel e est\u00e1 sujeito \u00e0 mobiliza\u00e7\u00e3o pela a\u00e7\u00e3o das ondas. [&hellip;]<\/p>\n","protected":false},"author":2,"featured_media":0,"parent":1818,"menu_order":0,"comment_status":"open","ping_status":"open","template":"","meta":{"ngg_post_thumbnail":0},"_links":{"self":[{"href":"http:\/\/www.labec.com.br\/biodigital\/wp-json\/wp\/v2\/pages\/1859"}],"collection":[{"href":"http:\/\/www.labec.com.br\/biodigital\/wp-json\/wp\/v2\/pages"}],"about":[{"href":"http:\/\/www.labec.com.br\/biodigital\/wp-json\/wp\/v2\/types\/page"}],"author":[{"embeddable":true,"href":"http:\/\/www.labec.com.br\/biodigital\/wp-json\/wp\/v2\/users\/2"}],"replies":[{"embeddable":true,"href":"http:\/\/www.labec.com.br\/biodigital\/wp-json\/wp\/v2\/comments?post=1859"}],"version-history":[{"count":11,"href":"http:\/\/www.labec.com.br\/biodigital\/wp-json\/wp\/v2\/pages\/1859\/revisions"}],"predecessor-version":[{"id":1862,"href":"http:\/\/www.labec.com.br\/biodigital\/wp-json\/wp\/v2\/pages\/1859\/revisions\/1862"}],"up":[{"embeddable":true,"href":"http:\/\/www.labec.com.br\/biodigital\/wp-json\/wp\/v2\/pages\/1818"}],"wp:attachment":[{"href":"http:\/\/www.labec.com.br\/biodigital\/wp-json\/wp\/v2\/media?parent=1859"}],"curies":[{"name":"wp","href":"https:\/\/api.w.org\/{rel}","templated":true}]}}