{"id":1818,"date":"2011-01-17T21:12:18","date_gmt":"2011-01-18T00:12:18","guid":{"rendered":"http:\/\/www.labec.com.br\/biodigital\/?page_id=1818"},"modified":"2011-01-18T15:15:23","modified_gmt":"2011-01-18T18:15:23","slug":"praia","status":"publish","type":"page","link":"http:\/\/www.labec.com.br\/biodigital\/ambientes\/praia\/","title":{"rendered":"Praia"},"content":{"rendered":"<p style=\"TEXT-ALIGN: center\"><a href=\"http:\/\/www.labec.com.br\/biodigital\/wordpress\/wp-content\/uploads\/2011\/01\/DSCF7358-copy.jpg\"><img decoding=\"async\" loading=\"lazy\" class=\"size-medium wp-image-1819  aligncenter\" title=\"DSCF7358 copy\" src=\"http:\/\/www.labec.com.br\/biodigital\/wordpress\/wp-content\/uploads\/2011\/01\/DSCF7358-copy-300x225.jpg\" alt=\"DSCF7358 copy\" width=\"300\" height=\"225\" srcset=\"http:\/\/www.labec.com.br\/biodigital\/wordpress\/wp-content\/uploads\/2011\/01\/DSCF7358-copy-300x225.jpg 300w, http:\/\/www.labec.com.br\/biodigital\/wordpress\/wp-content\/uploads\/2011\/01\/DSCF7358-copy-1024x768.jpg 1024w\" sizes=\"(max-width: 300px) 100vw, 300px\" \/><\/a><span style=\"font-size: small;\"><span style=\"font-family: comic sans ms,sans-serif;\"><span style=\"font-size: x-small;\"><span style=\"color: #888888;\"><br \/>\nPraia Arenosa do Litoral Norte Sergipano<br \/>\n<\/span><\/span><\/span><\/span><\/p>\n<p style=\"TEXT-ALIGN: justify\"><span style=\"font-size: small;\"><span style=\"font-family: comic sans ms,sans-serif;\"><br \/>\nA zona costeira, apesar de corresponder a uma pequena porcentagem da Terra, abriga cerca dois ter\u00e7os da popula\u00e7\u00e3o mundial, atraindo as pessoas e aumentando cada vez mais a sua densidade demogr\u00e1fica. No Brasil a costa \u00e9 constitu\u00edda de aproximadamente 9.200 km de comprimento real, enquanto o estado de Sergipe apresenta uma regi\u00e3o costeira de 168 Km de extens\u00e3o.<\/span><\/span><\/p>\n<p style=\"TEXT-ALIGN: center\"><span style=\"font-size: small;\"><span style=\"font-family: comic sans ms,sans-serif;\"><a href=\"http:\/\/www.labec.com.br\/biodigital\/wordpress\/wp-content\/uploads\/2011\/01\/zona_costeira_22956.jpg\"><img decoding=\"async\" loading=\"lazy\" class=\"size-full wp-image-1820  aligncenter\" title=\"zona_costeira_22956\" src=\"http:\/\/www.labec.com.br\/biodigital\/wordpress\/wp-content\/uploads\/2011\/01\/zona_costeira_22956.jpg\" alt=\"zona_costeira_22956\" width=\"150\" height=\"237\" \/><\/a><\/span><\/span><span style=\"font-size: small;\"><span style=\"font-family: comic sans ms,sans-serif;\"><br \/>\n<span style=\"font-size: x-small;\"><span style=\"color: #888888;\">Zona Costeira Brasileira em: <\/span><\/span><a href=\"http:\/\/www.wwf.org.br\"><span style=\"font-size: x-small;\"><span style=\"color: #888888;\">www.wwf.org.br<\/span><\/span><\/a><\/span><\/span><\/p>\n<p style=\"TEXT-ALIGN: justify\"><span style=\"font-size: small;\"><span style=\"font-family: comic sans ms,sans-serif;\">\u00a0<\/span><\/span>\u00a0<\/p>\n<p style=\"TEXT-ALIGN: justify\"><span style=\"font-size: small;\"><span style=\"font-family: comic sans ms,sans-serif;\">A zona costeira \u00e9 uma interface entre o ambiente terrestre e marinho e apresenta uma din\u00e2mica que condiciona a constru\u00e7\u00e3o geomorfol\u00f3gica da linha da costa, com a forma\u00e7\u00e3o de ambientes como as praias arenosas.<\/span><\/span><\/p>\n<p style=\"TEXT-ALIGN: justify\"><span style=\"font-size: small;\"><span style=\"font-family: comic sans ms,sans-serif;\"><strong>Mas, afinal, o que s\u00e3o praias?<\/strong><\/span><\/span><\/p>\n<p style=\"TEXT-ALIGN: justify\"><span style=\"font-size: small;\"><span style=\"font-family: comic sans ms,sans-serif;\">Existem v\u00e1rios conceitos, mas o que iremos utilizar aqui \u00e9 o de Short (1993), que define as praias como dep\u00f3sitos de sedimentos arenosos inconsolidados sobre a zona costeira, dominado primariamente por ondas. Na terra, a praia est\u00e1 limitada pelos n\u00edveis m\u00e1ximos de a\u00e7\u00e3o de ondas de tempestade, e no mar, na regi\u00e3o onde as ondas cessam o revolvimento de sedimentos de fundo.<\/span><\/span><\/p>\n<p style=\"TEXT-ALIGN: justify\"><span style=\"font-size: small;\"><span style=\"font-family: comic sans ms,sans-serif;\">As praias apresentam diferen\u00e7as entre si, podendo ser identificadas como arenosas, ou como rochosas, ou ainda, classificadas em est\u00e1gios desde muito expostos a muito protegidos. No estado de Sergipe elas s\u00e3o consideradas arenosas, expostas ao mar aberto e est\u00e3o divididas em 4 setores determinados pela desembocadura dos rios que cortam o estado: rio S\u00e3o Francisco, rio Japaratuba, rio Sergipe, rio Vaza-Barris e o complexo estuarino Piau\u00ed-Real-Fundo.<\/span><\/span><\/p>\n<p style=\"TEXT-ALIGN: justify\"><strong style=\"FONT-FAMILY: \"><span style=\"font-family: comic sans ms,sans-serif;\"><span style=\"font-size: small;\">\u00a0<\/span><\/span><\/strong>\u00a0<\/p>\n<p style=\"TEXT-ALIGN: justify\"><strong style=\"FONT-FAMILY: \"><span style=\"font-family: comic sans ms,sans-serif;\"><span style=\"font-size: small;\"><span style=\"font-size: medium;\">MORFODIN\u00c2MICA DA PRAIA:<\/span> <\/span><\/span><\/strong><\/p>\n<p style=\"TEXT-ALIGN: justify; FONT-FAMILY: \"><span style=\"font-family: comic sans ms,sans-serif;\"><span style=\"font-size: small;\">As praias arenosas correspondem a 20% da linha de costa de todo o planeta e s\u00e3o altamente din\u00e2micas, tendo sua morfologia constantemente trabalhada por uma intera\u00e7\u00e3o de processos e\u00f3licos, biol\u00f3gicos e hidr\u00e1ulicos, facilmente observados nos perfis fisiogr\u00e1ficos. Dentre os principais agentes que ocasionam estas mudan\u00e7as est\u00e3o:<\/span><\/span><\/p>\n<ul>\n<li><span style=\"font-family: comic sans ms,sans-serif;\"><span style=\"font-size: small;\"><a href=\"http:\/\/www.labec.com.br\/biodigital\/ambientes\/praia\/ondas\/\"><strong><span style=\"color: #808000;\"><span style=\"font-size: medium;\">ONDAS<\/span><\/span><\/strong><\/a><\/span><\/span><\/li>\n<li><span style=\"font-family: comic sans ms,sans-serif;\"><span style=\"font-size: small;\">\u00a0<\/span><\/span><span style=\"font-family: comic sans ms,sans-serif;\"><span style=\"font-size: small;\"><a href=\"http:\/\/www.labec.com.br\/biodigital\/ambientes\/praia\/ventos\/\"><span style=\"font-size: medium;\"><span style=\"color: #808000;\"><strong>VENTOS<\/strong><\/span><\/span><\/a>\u00a0<\/span><\/span><\/li>\n<li><span style=\"font-family: comic sans ms,sans-serif;\"><span style=\"font-size: small;\">\u00a0<\/span><\/span><span style=\"font-family: comic sans ms,sans-serif;\"><span style=\"font-size: small;\"><a href=\"http:\/\/www.labec.com.br\/biodigital\/ambientes\/praia\/mares\/\"><span style=\"font-size: medium;\"><strong><span style=\"color: #808000;\">MAR\u00c9S<\/span><\/strong><\/span><\/a><\/span><\/span><\/li>\n<\/ul>\n<p style=\"TEXT-ALIGN: justify; FONT-FAMILY: \"><span style=\"font-family: comic sans ms,sans-serif;\"><span style=\"font-size: small;\">Analisando o grau de intensidade destes fatores, juntamente com a granulometria, foi desenvolvido um modelo que, com a ajuda de c\u00e1lculos e tabelas, pode classificar as praias quanto \u00e0 morfodin\u00e2mica em dois estados extremos, dissipativo e reflectivo, e quatro est\u00e1gios intermedi\u00e1rios.<\/span><\/span><\/p>\n<ul style=\"TEXT-ALIGN: justify\">\n<li style=\"FONT-FAMILY: \"><span style=\"font-family: comic sans ms,sans-serif;\"><span style=\"font-size: small;\"><em>As praias dissipativas<\/em> (\u03a9 &gt; 5) s\u00e3o aquelas com extensa zona de arrebenta\u00e7\u00e3o, declive suave, areia de granulometria fina, ondas deslizantes com alta energia e presen\u00e7a de correntes de retorno.<\/span><\/span><\/li>\n<li style=\"FONT-FAMILY: \"><span style=\"font-family: comic sans ms,sans-serif;\"><span style=\"font-size: small;\"><em>As praias reflectivas<\/em> (\u03a9 &lt; 2) s\u00e3o caracterizadas por perfis com a declividade acentuada, areia de granulometria grossa e presen\u00e7a de ondas ascendentes e frontais com baixa energia. <\/span><\/span><\/li>\n<li style=\"TEXT-ALIGN: justify; FONT-FAMILY: \"><span style=\"font-family: comic sans ms,sans-serif;\"><span style=\"font-size: small;\"><em>As praias intermedi\u00e1rias<\/em> (2 &lt; \u03a9 &lt; 5) apresentam caracter\u00edsticas que tendem mais a um ou ao outro perfil, com granulometria m\u00e9dia a grossa e ondas com energia moderada.<\/span><\/span><\/li>\n<\/ul>\n<p style=\"TEXT-ALIGN: justify; FONT-FAMILY: \"><span style=\"font-family: comic sans ms,sans-serif;\"><span style=\"font-size: small;\">\u00a0<\/span><\/span>\u00a0<\/p>\n<p style=\"FONT-FAMILY: \"><span style=\"font-family: comic sans ms,sans-serif;\"><span style=\"font-size: small;\">Em Sergipe, a maioria das praias \u00e9 considerada dissipativa.<\/span><\/span><\/p>\n<p style=\"TEXT-ALIGN: justify; FONT-FAMILY: \">\n<div style=\"TEXT-ALIGN: justify; FONT-FAMILY: \"><span style=\"font-family: comic sans ms,sans-serif;\"><span style=\"font-size: small;\">A morfodin\u00e2mica praial influencia tamb\u00e9m na riqueza, abund\u00e2ncia e biomassa da fauna, podendo agir na estrutura\u00e7\u00e3o e distribui\u00e7\u00e3o das esp\u00e9cies, que se encontram intimamente relacionadas ao ambiente f\u00edsico, dependendo de fatores como o clima, as ondas, a granulometria e as mar\u00e9s. Assim, \u00e9 extremamente importante conhecer a morfodin\u00e2mica para compreender melhor os processos ecol\u00f3gicos.<\/span><\/span><\/div>\n<div style=\"TEXT-ALIGN: justify; FONT-FAMILY: \"><span style=\"font-family: comic sans ms,sans-serif;\"><span style=\"font-size: small;\">\u00a0<\/span><\/span><\/div>\n<div style=\"TEXT-ALIGN: justify; FONT-FAMILY: \"><span style=\"font-family: comic sans ms,sans-serif;\"><span style=\"font-size: small;\">CONHE\u00c7A MAIS SOBRE A <a href=\"http:\/\/www.labec.com.br\/biodigital\/ambientes\/praia\/fauna\/\"><span style=\"color: #808000;\"><span style=\"font-size: medium;\"><strong>FAUNA<\/strong><\/span><\/span><\/a> DAS PRAIAS DE SERGIPE!<\/span><\/span><strong><span style=\"font-family: comic sans ms,sans-serif;\">\u00a0<\/span><\/strong><\/div>\n<\/p>\n<p><p><span style=\"font-family: comic sans ms,sans-serif;\"><span style=\"font-size: medium;\"><strong>\u00a0<\/strong><\/span><\/span><\/p>\n<p><span style=\"font-family: comic sans ms,sans-serif;\"><span style=\"font-size: medium;\"><strong>SUBDIVIS\u00c3O DAS PRAIAS ARENOSAS<\/strong>:<\/span><\/span><\/p>\n<p style=\"TEXT-ALIGN: justify\"><span style=\"font-family: comic sans ms,sans-serif;\"><span style=\"font-size: small;\">&#8211; <span style=\"text-decoration: underline;\">Subdivis\u00e3o da regi\u00e3o praial<\/span>:<\/span><\/span><\/p>\n<ul>\n<li>\n<div style=\"TEXT-ALIGN: justify\"><span style=\"font-family: comic sans ms,sans-serif;\"><span style=\"font-size: small;\"><em>Supralitoral<\/em> \u2013 regi\u00e3o acima da linha de mar\u00e9 alta, ficando constantemente exposta. <\/span><\/span><\/div>\n<\/li>\n<li>\n<div style=\"TEXT-ALIGN: justify\"><span style=\"font-family: comic sans ms,sans-serif;\"><span style=\"font-size: small;\">\u00a0<\/span><\/span><span style=\"font-family: comic sans ms,sans-serif;\"><span style=\"font-size: small;\"><em>Mesolitoral<\/em> \u2013 regi\u00e3o sujeita \u00e0s flutua\u00e7\u00f5es da mar\u00e9, ficando exposta durante a mar\u00e9 baixa e submersa durante a mar\u00e9 alta; <\/span><\/span><\/div>\n<\/li>\n<li>\n<div style=\"TEXT-ALIGN: justify\"><span style=\"font-family: comic sans ms,sans-serif;\"><span style=\"font-size: small;\"><em>Infralitoral<\/em> \u2013 regi\u00e3o submersa, localizada entre o final do mesolitoral e o in\u00edcio da zona de surfe.<br \/>\n<\/span><\/span><\/div>\n<\/li>\n<\/ul>\n<p style=\"TEXT-ALIGN: center\"><span style=\"font-family: comic sans ms,sans-serif;\"><span style=\"font-size: small;\"><a href=\"http:\/\/www.labec.com.br\/biodigital\/wordpress\/wp-content\/uploads\/2011\/01\/divis\u00e3o-praial2.jpg\"><img decoding=\"async\" loading=\"lazy\" class=\"aligncenter size-full wp-image-1826\" title=\"divis\u00e3o praial\" src=\"http:\/\/www.labec.com.br\/biodigital\/wordpress\/wp-content\/uploads\/2011\/01\/divis\u00e3o-praial2.jpg\" alt=\"divis\u00e3o praial\" width=\"650\" height=\"183\" srcset=\"http:\/\/www.labec.com.br\/biodigital\/wordpress\/wp-content\/uploads\/2011\/01\/divis\u00e3o-praial2.jpg 902w, http:\/\/www.labec.com.br\/biodigital\/wordpress\/wp-content\/uploads\/2011\/01\/divis\u00e3o-praial2-300x84.jpg 300w\" sizes=\"(max-width: 650px) 100vw, 650px\" \/><\/a><\/span><\/span><\/p>\n<p style=\"TEXT-ALIGN: center; FONT-FAMILY: \"><span style=\"font-family: comic sans ms,sans-serif;\"><span style=\"font-size: x-small;\"><span style=\"color: #888888;\">Subdivis\u00e3o da regi\u00e3o praial<br \/>\n<\/span><\/span><\/span><span style=\"font-family: comic sans ms,sans-serif;\"><span style=\"font-size: small;\"><span style=\"color: #888888; font-size: x-small;\"><span style=\"font-family: comic sans ms,sans-serif;\"><span style=\"font-size: small;\"><span style=\"color: #888888; font-size: x-small;\">\u00a0<\/span><\/span><\/span><\/span><\/span><\/span><\/p>\n<p style=\"text-align: justify;\"><span style=\"font-family: comic sans ms,sans-serif;\"><span style=\"font-size: small;\">&#8211; <span style=\"text-decoration: underline;\">Subdivis\u00e3o da regi\u00e3o submersa<\/span>:<\/span><\/span><\/p>\n<ul>\n<li>\n<div style=\"TEXT-ALIGN: justify; FONT-FAMILY: \"><span style=\"font-family: comic sans ms,sans-serif;\"><span style=\"font-size: small;\"><em>Zona de arrebenta\u00e7\u00e3o<\/em> \u2013 regi\u00e3o onde as ondas come\u00e7am a diminuir a velocidade e a ganhar altura at\u00e9 ocorrer a \u201cquebra\u201d; <\/span><\/span><\/div>\n<\/li>\n<li>\n<div style=\"TEXT-ALIGN: justify; FONT-FAMILY: \"><span style=\"font-family: comic sans ms,sans-serif;\">\u00a0<\/span><span style=\"font-family: comic sans ms,sans-serif;\"><span style=\"font-size: small;\"><em>Zona de surfe<\/em> \u2013 regi\u00e3o que vai desde a quebra da onda at\u00e9 o in\u00edcio da zona de espraiamento; <\/span><\/span><\/div>\n<\/li>\n<li>\n<div style=\"TEXT-ALIGN: justify; FONT-FAMILY: \"><span style=\"font-family: comic sans ms,sans-serif;\"><span style=\"font-size: small;\"><em>Zona de espraiamento<\/em> \u2013 regi\u00e3o delimitada pelo fluxo e refluxo do mar sobre a face praial, sendo respons\u00e1vel pela deposi\u00e7\u00e3o e eros\u00e3o do sedimento na regi\u00e3o emersa da praia. <br \/>\n<\/span><\/span><span style=\"font-family: comic sans ms,sans-serif;\">\u00a0<\/span><\/div>\n<\/li>\n<\/ul>\n<p style=\"TEXT-ALIGN: center; FONT-FAMILY: \"><span style=\"font-family: comic sans ms,sans-serif;\"><span style=\"font-size: small;\"><a href=\"http:\/\/www.labec.com.br\/biodigital\/wordpress\/wp-content\/uploads\/2011\/01\/espraiamento.jpg\"><img decoding=\"async\" loading=\"lazy\" class=\"size-medium wp-image-1828  aligncenter\" title=\"espraiamento\" src=\"http:\/\/www.labec.com.br\/biodigital\/wordpress\/wp-content\/uploads\/2011\/01\/espraiamento-300x225.jpg\" alt=\"espraiamento\" width=\"300\" height=\"225\" srcset=\"http:\/\/www.labec.com.br\/biodigital\/wordpress\/wp-content\/uploads\/2011\/01\/espraiamento-300x225.jpg 300w, http:\/\/www.labec.com.br\/biodigital\/wordpress\/wp-content\/uploads\/2011\/01\/espraiamento-1024x768.jpg 1024w, http:\/\/www.labec.com.br\/biodigital\/wordpress\/wp-content\/uploads\/2011\/01\/espraiamento.jpg 2000w\" sizes=\"(max-width: 300px) 100vw, 300px\" \/><\/a><\/span><\/span><\/p>\n<p style=\"TEXT-ALIGN: center; FONT-FAMILY: \">\n<div style=\"TEXT-ALIGN: center; FONT-FAMILY: \"><span style=\"font-family: comic sans ms,sans-serif;\"><span style=\"font-size: small;\"><span style=\"font-size: x-small;\"><span style=\"color: #888888;\">Regi\u00e3o submersa, com destaque da zona de espraiamento<\/span><\/span><\/span><\/span><\/div>\n<div style=\"TEXT-ALIGN: center; FONT-FAMILY: \"><span style=\"font-family: comic sans ms,sans-serif;\"><span style=\"font-size: small;\"><span style=\"font-size: x-small;\"><span style=\"color: #888888;\">\u00a0<\/span><\/span><\/span><\/span><\/div>\n<div style=\"text-align: justify;\"><strong><span style=\"font-family: comic sans ms,sans-serif;\"><span style=\"font-size: medium;\">\u00a0<\/span><\/span><\/strong><\/div>\n<div style=\"text-align: justify;\"><strong><span style=\"font-family: comic sans ms,sans-serif;\"><span style=\"font-size: medium;\">IMPORT\u00c2NCIA:<\/span><\/span><\/strong><\/div>\n<div style=\"text-align: justify;\"><strong><span style=\"font-family: comic sans ms,sans-serif;\"><span style=\"font-size: medium;\"><span style=\"font-family: comic sans ms,sans-serif;\"><span style=\"font-size: small;\">\u00a0<\/span><\/span><\/span><\/span><\/strong><\/div>\n<div style=\"text-align: justify;\"><span style=\"font-family: comic sans ms,sans-serif;\"><span style=\"font-size: small;\">A praia tem papel fundamental na prote\u00e7\u00e3o da linha de costa e \u00e9 o h\u00e1bitat de uma rica fauna e flora. Juntamente com essa fauna, tamb\u00e9m possuem grande import\u00e2ncia econ\u00f4mica e ecol\u00f3gica, sendo desenvolvidas atividades nessas regi\u00f5es como o turismo, a recrea\u00e7\u00e3o, a pesca, o com\u00e9rcio e as pesquisas cient\u00edficas.<\/span><\/span><\/div>\n<div style=\"text-align: justify;\"><span style=\"font-family: comic sans ms,sans-serif;\"><span style=\"font-size: small;\">\u00a0<\/span><\/span><\/div>\n<div style=\"text-align: justify;\"><span style=\"font-family: comic sans ms,sans-serif;\"><span style=\"font-size: small;\">\u00a0<\/span><\/span><\/div>\n<div style=\"text-align: justify;\"><span style=\"font-family: comic sans ms,sans-serif;\"><span style=\"font-size: small;\">\u00a0<\/span><\/span><span style=\"font-family: comic sans ms,sans-serif;\"><span style=\"font-size: small;\"><strong><span style=\"font-family: comic sans ms,sans-serif;\"><span style=\"font-size: medium;\">\u00a0<\/span><\/span><\/strong><\/span><\/span><\/div>\n<div style=\"text-align: justify;\"><span style=\"font-family: comic sans ms,sans-serif;\"><span style=\"font-size: small;\"><strong><span style=\"font-family: comic sans ms,sans-serif;\"><span style=\"font-size: medium;\">ATIVIDADES\u00a0IMPACTANTES: <\/span><\/span><\/strong><\/span><\/span><\/div>\n<div style=\"text-align: justify;\"><span style=\"font-family: comic sans ms,sans-serif;\"><span style=\"font-size: small;\"><strong><span style=\"font-family: comic sans ms,sans-serif;\"><span style=\"font-size: medium;\">\u00a0<\/span><\/span><\/strong><\/span><\/span><\/div>\n<div style=\"text-align: justify;\"><span style=\"font-family: comic sans ms,sans-serif;\"><span style=\"font-size: small;\"><strong><span style=\"font-family: comic sans ms,sans-serif;\"><span style=\"font-size: medium;\">\u00a0<\/span><\/span><\/strong><\/span><\/span><span style=\"font-family: comic sans ms,sans-serif;\"><span style=\"font-size: small;\"><span style=\"font-family: comic sans ms,sans-serif;\">A praia \u00e9 uma op\u00e7<\/span>\u00e3o de lazer para muitas pessoas. O banho de mar, as brincadeiras na areia, o vento no rosto s\u00e3o atrativos maravilhosos que levam uma parcela consider\u00e1vel da popula\u00e7\u00e3o a visitar este ambiente. O problema \u00e9 que, devido ao uso incorreto, as pessoas acabam alterando o ambiente natural e gerando s\u00e9rios danos.<br \/>\nEm todo o mundo, fortes press\u00f5es antr\u00f3picas (escoamento de esgotos de bares e de resid\u00eancias; lixo que a popula\u00e7\u00e3o local e os turistas jogam nos locais incorretos; derramamento de res\u00edduos industriais e pisoteio) t\u00eam exercido impactos consider\u00e1veis na zona costeira, como a contamina\u00e7\u00e3o das \u00e1guas; a polui\u00e7\u00e3o; a eros\u00e3o; a destrui\u00e7\u00e3o de dunas; o aumento do volume de lixo e a altera\u00e7\u00e3o da paisagem e da din\u00e2mica natural.<\/span><\/span><\/div>\n<div style=\"text-align: justify;\"><span style=\"font-family: comic sans ms,sans-serif;\"><span style=\"font-size: small;\">\u00a0<\/span><\/span><\/div>\n<div style=\"text-align: justify;\"><span style=\"font-family: comic sans ms,sans-serif;\"><span style=\"font-size: small;\">\u00a0<\/span><\/span><\/div>\n<p><img decoding=\"async\" loading=\"lazy\" class=\"size-medium wp-image-1829         alignnone\" title=\"uso da praia\" src=\"http:\/\/www.labec.com.br\/biodigital\/wordpress\/wp-content\/uploads\/2011\/01\/uso-da-praia-300x108.jpg\" alt=\"uso da praia\" width=\"317\" height=\"129\" \/><\/p>\n<p style=\"text-align: center;\"><span style=\"font-family: comic sans ms,sans-serif;\"><span style=\"font-size: x-small;\"><span style=\"color: #888888;\">Impactos na praia do Saco em Sergipe<\/span><\/span><\/span><\/p>\n<p style=\"TEXT-ALIGN: justify; FONT-FAMILY: \"><span style=\"font-family: comic sans ms,sans-serif;\"><span style=\"font-size: small;\"><br \/>\nO crescente mercado de constru\u00e7\u00f5es imobili\u00e1rias nas \u00e1reas de restinga traz, atrelado, problemas de esgoto, desmatamento e destrui\u00e7\u00e3o da fauna local. Como a maior parte da popula\u00e7\u00e3o se concentra em zonas costeiras, a \u00e1rea afetada \u00e9 extensa, tornando-se cada vez mais dif\u00edcil evitar ou minimizar os efeitos da polui\u00e7\u00e3o.<br \/>\nA pesca, a navega\u00e7\u00e3o e outras atividades mar\u00edtimas, embora em menor escala, tamb\u00e9m t\u00eam sua parcela na degrada\u00e7\u00e3o desses ecossistemas. A pesca predat\u00f3ria gera desequil\u00edbrio dos ecossistemas costeiros e marinhos e, al\u00e9m disso, h\u00e1 uma grande quantidade de artefatos de pesca que s\u00e3o perdidos a cada dia, provocando ferimentos e at\u00e9 mesmo a morte de v\u00e1rios animais.<br \/>\n<\/span><\/span><\/p>\n<p><p style=\"TEXT-ALIGN: justify; FONT-FAMILY: \"><span style=\"font-family: comic sans ms,sans-serif;\"><span style=\"font-size: small;\">A fauna tamb\u00e9m enfrenta problemas com a devasta\u00e7\u00e3o dos habitats, sofrendo efeitos em seus indiv\u00edduos e em suas rotas migrat\u00f3rias. V\u00e1rios animais morrem ou adquirem deforma\u00e7\u00f5es devido \u00e0 polui\u00e7\u00e3o e, como as esp\u00e9cies fazem parte de cadeias ecol\u00f3gicas, a interfer\u00eancia na din\u00e2mica de um local pode implicar em conseq\u00fc\u00eancias globais.<\/span><\/span><\/p>\n<p style=\"TEXT-ALIGN: justify; FONT-FAMILY: \"><span style=\"font-family: comic sans ms,sans-serif;\"><span style=\"font-size: small;\"><br \/>\nVeja o folder abaixo, criado pelo Governo do Paran\u00e1; pela Secretaria de Estado do Meio Ambiente e Recursos H\u00eddricos (SEMA); pelo Instituto Ambiental do Paran\u00e1 (IAP); pela Superintend\u00eancia de Desenvolvimento de Recursos H\u00eddricos e Saneamento Ambiental (SUDERHSA) e pelo Programa da Secretaria de Estado do Meio Ambiente e Recursos H\u00eddricos, Desperd\u00edcio Zero, que ilustra o lixo jogado diariamente nas praias.<br \/>\n<\/span><\/span><\/p>\n<p style=\"text-align: center;\"><span style=\"font-family: comic sans ms,sans-serif;\"><span style=\"font-size: small;\"><a href=\"http:\/\/www.labec.com.br\/biodigital\/wordpress\/wp-content\/uploads\/2011\/01\/especies-perigosas.jpg\"><strong><img decoding=\"async\" loading=\"lazy\" class=\"aligncenter size-large wp-image-1830\" title=\"especies perigosas\" src=\"http:\/\/www.labec.com.br\/biodigital\/wordpress\/wp-content\/uploads\/2011\/01\/especies-perigosas-673x1024.jpg\" alt=\"especies perigosas\" width=\"471\" height=\"717\" srcset=\"http:\/\/www.labec.com.br\/biodigital\/wordpress\/wp-content\/uploads\/2011\/01\/especies-perigosas-673x1024.jpg 673w, http:\/\/www.labec.com.br\/biodigital\/wordpress\/wp-content\/uploads\/2011\/01\/especies-perigosas-197x300.jpg 197w, http:\/\/www.labec.com.br\/biodigital\/wordpress\/wp-content\/uploads\/2011\/01\/especies-perigosas.jpg 798w\" sizes=\"(max-width: 471px) 100vw, 471px\" \/><\/strong><\/a><\/span><\/span><\/p>\n<p style=\"text-align: center;\"><span style=\"font-family: comic sans ms,sans-serif;\"><span style=\"font-size: small;\"><a href=\"http:\/\/www.uc.pr.gov.br\/arquivos\/File\/Publicacoes\/Cartazes\/Cartaz_Especies_em_extincao_CV.pdf\"><span style=\"color: #888888;\"><span style=\"font-size: x-small;\">http:\/\/www.uc.pr.gov.br\/arquivos\/File\/Publicacoes\/Cartazes\/Cartaz_Especies_em_extincao_CV.pdf<\/span><\/span><\/a><\/span><\/span><\/p>\n<p style=\"TEXT-ALIGN: justify; FONT-FAMILY: \"><span style=\"font-family: comic sans ms,sans-serif;\"><strong>\u00a0<\/strong><\/span><\/p>\n<p style=\"TEXT-ALIGN: justify; FONT-FAMILY: \"><span style=\"font-family: comic sans ms,sans-serif;\"><span style=\"font-size: small;\">Infelizmente, essa realidade de danifica\u00e7\u00e3o dos ambientes praiais \u00e9 muito comum e pode ser conferida nitidamente em algumas praias, que foram t\u00e3o afetadas que se tornaram invi\u00e1veis at\u00e9 para o banho. Em contrapartida, a procura por praias de qualidade tem aumentado justamente pela diminui\u00e7\u00e3o da sua disponibilidade.<\/span><\/span><\/p>\n<p style=\"TEXT-ALIGN: justify\"><span style=\"font-family: comic sans ms,sans-serif;\"><span style=\"font-size: small;\">N\u00e3o deixe de conferir a <strong>BALNEABILIDADE<\/strong> das praias de Sergipe: <\/span><\/span><a style=\"FONT-FAMILY: \" href=\"http:\/\/www.adema.se.gov.br\/modules\/tinyd0\/index.php?id=4\"><span style=\"font-family: comic sans ms,sans-serif;\"><span style=\"font-size: small;\">http:\/\/www.adema.se.gov.br\/modules\/tinyd0\/index.php?id=4<\/span><\/span><\/a><span style=\"font-family: comic sans ms,sans-serif;\"><span style=\"font-size: small;\">\u00a0<br \/>\n<\/span><\/span><span style=\"font-family: comic sans ms,sans-serif;\">\u00a0<\/span><\/p>\n<p style=\"TEXT-ALIGN: justify\">\n<div style=\"TEXT-ALIGN: justify\"><span style=\"font-family: comic sans ms,sans-serif;\"><span style=\"font-size: small;\">Sabendo de todos os perigos que as praias v\u00eam sofrendo, foi criado o <strong>Dia mundial da limpeza das praias<\/strong>!! Aqui no Brasil, v\u00e1rias institui\u00e7\u00f5es e pessoas j\u00e1 fazem parte dessa campanha, recolhendo uma quantidade enorme de lixo!<\/span><\/span><\/div>\n<div style=\"TEXT-ALIGN: justify\"><span style=\"font-family: comic sans ms,sans-serif;\"><span style=\"font-size: small;\">\u00a0<\/span><\/span><\/div>\n<div style=\"TEXT-ALIGN: justify\"><span style=\"font-family: comic sans ms,sans-serif;\"><span style=\"font-size: small;\">Leia mais sobre o assunto nos sites:<br \/>\n<a style=\"FONT-FAMILY: \" href=\"http:\/\/www.praiaseca.com.br\/ambiente\/cleanday\/apresent.htm\"><span style=\"font-family: comic sans ms,sans-serif;\"><span style=\"font-size: small;\">http:\/\/www.praiaseca.com.br\/ambiente\/cleanday\/apresent.htm<\/span><\/span><\/a><br \/>\n<a style=\"FONT-FAMILY: \" href=\"http:\/\/www.cleanuptheworld.org\/en\/\"><span style=\"font-family: comic sans ms,sans-serif;\"><span style=\"font-size: small;\">http:\/\/www.cleanuptheworld.org\/en\/<\/span><\/span><\/a><span style=\"font-family: comic sans ms,sans-serif;\"><span style=\"font-size: small;\"> <br \/>\n<\/span><\/span><a style=\"FONT-FAMILY: \" href=\"http:\/\/www.oceanconservancy.org\/site\/PageServer?pagename=icc_about\"><span style=\"font-family: comic sans ms,sans-serif;\"><span style=\"font-size: small;\">http:\/\/www.oceanconservancy.org\/site\/PageServer?pagename=icc_about<\/span><\/span><\/a><br \/>\n<a style=\"FONT-FAMILY: \" href=\"http:\/\/www.ibama.gov.br\/parna_abrolhos\/index.php?id_menu=24&amp;id_arq=61\"><span style=\"font-family: comic sans ms,sans-serif;\"><span style=\"font-size: small;\">http:\/\/www.ibama.gov.br\/parna_abrolhos\/index.php?id_menu=24&amp;id_arq=61<\/span><\/span><\/a><br \/>\n<a style=\"FONT-FAMILY: \" href=\"http:\/\/www.institutoaqualung.com.br\/limpeza.html\"><span style=\"font-family: comic sans ms,sans-serif;\"><span style=\"font-size: small;\">\u00a0<\/span><\/span><span style=\"font-family: comic sans ms,sans-serif;\"><span style=\"font-size: small;\"><span style=\"font-family: comic sans ms,sans-serif;\"><span style=\"font-size: small;\">\u00a0<\/span><\/span><\/span><\/span><\/a><a href=\"http:\/\/www.institutoaqualung.com.br\/limpeza.html\">http:\/\/www.institutoaqualung.com.br\/limpeza.html<\/a><\/span><\/span><\/div>\n<div style=\"TEXT-ALIGN: justify\"><span style=\"font-family: comic sans ms,sans-serif;\"><span style=\"font-size: small;\"><span style=\"font-family: comic sans ms,sans-serif;\"><span style=\"font-size: small;\"><span style=\"font-family: comic sans ms,sans-serif;\"><span style=\"font-size: small;\">\u00a0<\/span><\/span><\/span><\/span><\/span><\/span><\/div>\n<div style=\"TEXT-ALIGN: justify\"><span style=\"font-family: comic sans ms,sans-serif;\"><span style=\"font-size: small;\"><span style=\"font-family: comic sans ms,sans-serif;\"><span style=\"font-size: small;\"><span style=\"font-family: comic sans ms,sans-serif;\">\u00a0<\/span><\/span><\/span><\/span><\/span><\/div>\n<div style=\"TEXT-ALIGN: justify\"><span style=\"font-family: comic sans ms,sans-serif;\"><span style=\"font-size: small;\"><span style=\"font-family: comic sans ms,sans-serif;\"><span style=\"font-size: small;\"><span style=\"font-family: comic sans ms,sans-serif;\"><span style=\"font-size: small;\">Depois de aprender mais sobre esse ambiente t\u00e3o importante e presente em nosso cotidiano vamos procurar cada vez mais fazer um uso respons\u00e1vel e consciente das praias!! Quanto mais sabemos, mais temos obriga\u00e7\u00e3o de agir: <strong>Fa\u00e7a sua parte e entre voc\u00ea tamb\u00e9m na onda da preserva\u00e7\u00e3o!<\/strong><\/span><\/span><\/span><\/span><\/span><\/span><\/div>\n<p><p style=\"TEXT-ALIGN: justify\"><span style=\"font-family: comic sans ms,sans-serif;\"><span style=\"font-size: small;\">N\u00e3o deixe de ler o <em>post<\/em> \u201c<a href=\"http:\/\/www.labec.com.br\/biodigital\/praia-limpa-no-verao\/\"><span style=\"color: #808000;\"><span style=\"font-size: medium;\"><strong>PRAIA LIMPA NO VER\u00c3O<\/strong><\/span><\/span><\/a>\u201d! <br \/>\n<strong>BOA PRAIA PARA TODOS!!<\/strong><\/span><\/span><\/p>\n<p style=\"TEXT-ALIGN: center\"><a href=\"http:\/\/www.labec.com.br\/biodigital\/wordpress\/wp-content\/uploads\/2011\/01\/DSCF74861.JPG\"><\/a><\/p>\n<p style=\"TEXT-ALIGN: center\"><a href=\"http:\/\/www.labec.com.br\/biodigital\/wordpress\/wp-content\/uploads\/2011\/01\/DSCF74862.JPG\"><strong><img decoding=\"async\" loading=\"lazy\" class=\"aligncenter size-large wp-image-1825\" title=\"DSCF7486\" src=\"http:\/\/www.labec.com.br\/biodigital\/wordpress\/wp-content\/uploads\/2011\/01\/DSCF74862-1024x246.jpg\" alt=\"DSCF7486\" width=\"590\" height=\"142\" srcset=\"http:\/\/www.labec.com.br\/biodigital\/wordpress\/wp-content\/uploads\/2011\/01\/DSCF74862-1024x246.jpg 1024w, http:\/\/www.labec.com.br\/biodigital\/wordpress\/wp-content\/uploads\/2011\/01\/DSCF74862-300x72.jpg 300w\" sizes=\"(max-width: 590px) 100vw, 590px\" \/><\/strong><\/a><a href=\"http:\/\/www.labec.com.br\/biodigital\/wordpress\/wp-content\/uploads\/2011\/01\/DSCF7486.JPG\"><\/a><\/p>\n<p><strong><br class=\"spacer_\" \/><\/strong><\/p>\n<p style=\"TEXT-ALIGN: justify\"><span style=\"font-family: comic sans ms,sans-serif;\"><span style=\"color: #888888;\"><span style=\"font-size: x-small;\"><br \/>\n<strong>Refer\u00eancias Bibliogr\u00e1ficas:<br \/>\n<\/strong>AMARAL, A. C. Z.; AMARAL, E. H. M.; LEITE, F. P. P.; GIANUCA, N, M. 2002. Avalia\u00e7\u00e3o e a\u00e7\u00f5es priorit\u00e1rias para a conserva\u00e7\u00e3o da biodiversidade da zona costeira e marinha: Diagn\u00f3stico sobre praias arenosas. Dispon\u00edvel em: &lt;<\/span><\/span><\/span><a style=\"FONT-FAMILY: \" href=\"http:\/\/www.anp.gov.br\/brasil-rounds\/round8\/round8\/guias_r8\/perfuracao_r8\/%C3%81reas_Priorit%C3%A1rias\/Praias%20arenosas.pdf\"><span style=\"font-family: comic sans ms,sans-serif;\"><span style=\"color: #888888;\"><span style=\"font-size: x-small;\">http:\/\/www.anp.gov.br\/brasil-rounds\/round8\/round8\/guias_r8\/perfuracao_r8\/%C3%81reas_Priorit%C3%A1rias\/Praias%20arenosas.pdf<\/span><\/span><\/span><\/a><span style=\"font-family: comic sans ms,sans-serif;\"><span style=\"color: #888888;\"><span style=\"font-size: x-small;\">&gt;. Acesso em: 10 jan. 2011.<\/span><\/span><\/span><\/p>\n<p style=\"TEXT-ALIGN: justify; FONT-FAMILY: \"><span style=\"font-family: comic sans ms,sans-serif;\"><span style=\"color: #888888;\"><span style=\"font-size: x-small;\">ARA\u00daJO, M. C. B.; COSTA, M. F. Lixo no ambiente marinho. Ci\u00eancia Hoje, v. 32, n. 191, p. 64-67, 2003.<\/span><\/span><\/span><\/p>\n<p style=\"TEXT-ALIGN: justify; FONT-FAMILY: \"><span style=\"font-family: comic sans ms,sans-serif;\"><span style=\"color: #888888;\"><span style=\"font-size: x-small;\">ARAUJO, S. I.; SILVA, G. H.; MUEHE, D. Mapas de sensibilidade ambiental e derrame de \u00f3leo: ambientes costeiros, estuarinos e fluviais. Rio de janeiro: Petrobras, 2006.<\/span><\/span><\/span><\/p>\n<p style=\"TEXT-ALIGN: justify; FONT-FAMILY: \"><span style=\"font-family: comic sans ms,sans-serif;\"><span style=\"color: #888888;\"><span style=\"font-size: x-small;\">BAPTISTA NETO, J. A.; PONZI, V. R. A.; SICHEL, S. E. (org.). Introdu\u00e7\u00e3o \u00e0 geologia marinha. Rio de Janeiro: Interci\u00eancia, 2004. <\/span><\/span><\/span><\/p>\n<p style=\"TEXT-ALIGN: justify\"><span style=\"font-family: comic sans ms,sans-serif;\"><span style=\"color: #888888;\"><span style=\"font-size: x-small;\">CALLIARI, Lauro J\u00falio et al . Morfodin\u00e2mica praial: uma breve revis\u00e3o. Braz. j. oceanogr.,\u00a0 S\u00e3o Paulo,\u00a0 v. 51,\u00a0 n. unico,\u00a0\u00a0 2003 .\u00a0\u00a0 Dispon\u00edvel em &lt;<\/span><\/span><\/span><a style=\"FONT-FAMILY: \" href=\"http:\/\/www.scielo.br\/scielo.php?script=sci_arttext&amp;pid=S1679-87592003000100007&amp;lng=pt&amp;nrm=iso\"><span style=\"font-family: comic sans ms,sans-serif;\"><span style=\"color: #888888;\"><span style=\"font-size: x-small;\">http:\/\/www.scielo.br\/scielo.php?script=sci_arttext&amp;pid=S1679-87592003000100007&amp;lng=pt&amp;nrm=iso<\/span><\/span><\/span><\/a><span style=\"font-family: comic sans ms,sans-serif;\"><span style=\"color: #888888;\"><span style=\"font-size: x-small;\">&gt;. acessos em\u00a0 03\u00a0 jan.\u00a0 2011.<\/span><\/span><\/span><\/p>\n<p style=\"TEXT-ALIGN: justify\"><span style=\"font-family: comic sans ms,sans-serif;\"><span style=\"color: #888888;\"><span style=\"font-size: x-small;\">DAVID, C. J. ; CARVALHO, A. P. C. ; HON\u00d3RIO, M. A. ; PENSE, M. R. ; SAMPAIO, M.C. ; HERNANDEZ, M. C. ; MATOS, L. D. ; OLIVEIRA, T.S. ; GABRIEL, T.P.S. ; FELICE, V. P. . Estudo sazonal da morfodin\u00e2mica da Praia do Indai\u00e1, Bertioga (SP).. ConScientiae Sa\u00fade, v. 6, p. 335-339, 2007. Dispon\u00edvel em: &lt;<\/span><\/span><\/span><a style=\"FONT-FAMILY: \" href=\"http:\/\/portal.uninove.br\/marketing\/cope\/pdfs_revistas\/conscientiae_saude\/csaude_v6n2\/cnsv6n2_3o38.pdf\"><span style=\"font-family: comic sans ms,sans-serif;\"><span style=\"color: #888888;\"><span style=\"font-size: x-small;\">http:\/\/portal.uninove.br\/marketing\/cope\/pdfs_revistas\/conscientiae_saude\/csaude_v6n2\/cnsv6n2_3o38.pdf<\/span><\/span><\/span><\/a><span style=\"font-family: comic sans ms,sans-serif;\"><span style=\"color: #888888;\"><span style=\"font-size: x-small;\">&gt;. Acesso em: 27 dez. 2010.<\/span><\/span><\/span><\/p>\n<p style=\"TEXT-ALIGN: justify; FONT-FAMILY: \"><span style=\"font-family: comic sans ms,sans-serif;\"><span style=\"color: #888888;\"><span style=\"font-size: x-small;\">FILHO, A. C. P. Contribui\u00e7\u00e3o ao estudo da din\u00e2mica praial. (Programa de P\u00f3s-Gradua\u00e7\u00e3o em Geologia Ambiental), Universidade Federal do Paran\u00e1, Curitiba, 1995.<\/span><\/span><\/span><\/p>\n<p style=\"TEXT-ALIGN: justify\"><span style=\"font-family: comic sans ms,sans-serif;\"><span style=\"color: #888888;\"><span style=\"font-size: x-small;\">GUIMAR\u00c3ES, C. R. P.; LEMOS JR. I. C.; MARIANO, D. L. S.; SANTOS, C. F.; MENEZES, A. R. Comunidades macrob\u00eanticas em praias arenosas de Sergipe. In: CONGRESSO DE ECOLOGIA DO BRASIL, VIII, 2007, Caxambu, MG. Anais. Caxambu: 2007. Dispon\u00edvel em: &lt;<\/span><\/span><\/span><a style=\"FONT-FAMILY: \" href=\"http:\/\/www.seb-ecologia.org.br\/viiiceb\/pdf\/610.pdf\"><span style=\"font-family: comic sans ms,sans-serif;\"><span style=\"color: #888888;\"><span style=\"font-size: x-small;\">http:\/\/www.seb-ecologia.org.br\/viiiceb\/pdf\/610.pdf<\/span><\/span><\/span><\/a><span style=\"font-family: comic sans ms,sans-serif;\"><span style=\"color: #888888;\"><span style=\"font-size: x-small;\">&gt;. Acesso em: 10 jan. 09.<\/span><\/span><\/span><\/p>\n<p style=\"TEXT-ALIGN: justify; FONT-FAMILY: \"><span style=\"font-family: comic sans ms,sans-serif;\"><span style=\"color: #888888;\"><span style=\"font-size: x-small;\">JESUS, D. A. S. Excurs\u00e3o \u00e0 praia como recurso did\u00e1tico de ci\u00eancias. Monografia de conclus\u00e3o de curso (Licenciatura em Ci\u00eancias Biol\u00f3gicas), Universidade Federal de Sergipe, S\u00e3o Crist\u00f3v\u00e3o, 2006.<\/span><\/span><\/span><\/p>\n<p style=\"TEXT-ALIGN: justify\"><span style=\"font-family: comic sans ms,sans-serif;\"><span style=\"color: #888888;\"><span style=\"font-size: x-small;\">MARTINS, A. L. G. A macrofauna bent\u00f4nica das praias arenosas expostas do Parque Nacional de Superag\u00fci \u2013 PR: Subs\u00eddios ao Plano de Manejo. Disserta\u00e7\u00e3o (P\u00f3s-Gradua\u00e7\u00e3o em Ecologia e Conserva\u00e7\u00e3o) &#8211; Universidade Federal do Paran\u00e1, Curitiba, 2007. Dispon\u00edvel em: &lt;<\/span><\/span><\/span><a style=\"FONT-FAMILY: \" href=\"http:\/\/dspace.c3sl.ufpr.br\/dspace\/bitstream\/1884\/19795\/1\/Versao%20Final%20-%20Gandara%20Martins,%20A%20L.pdf\"><span style=\"font-family: comic sans ms,sans-serif;\"><span style=\"color: #888888;\"><span style=\"font-size: x-small;\">http:\/\/dspace.c3sl.ufpr.br\/dspace\/bitstream\/1884\/19795\/1\/Versao%20Final%20-%20Gandara%20Martins,%20A%20L.pdf<\/span><\/span><\/span><\/a><span style=\"font-family: comic sans ms,sans-serif;\"><span style=\"color: #888888;\"><span style=\"font-size: x-small;\">&gt;. Acesso em: 27 dez. 2010.<\/span><\/span><\/span><\/p>\n<p style=\"TEXT-ALIGN: justify; FONT-FAMILY: \"><span style=\"font-family: comic sans ms,sans-serif;\"><span style=\"color: #888888;\"><span style=\"font-size: x-small;\">SCHMIEGELOW, J. M. M. O planeta azul: uma introdu\u00e7\u00e3o \u00e0s ci\u00eancias marinhas. Rio de janeiro: Interci\u00eancia, 2004.<\/span><\/span><\/span><\/p>\n<p style=\"TEXT-ALIGN: justify; FONT-FAMILY: \"><span style=\"font-family: comic sans ms,sans-serif;\"><span style=\"color: #888888;\"><span style=\"font-size: x-small;\">SOUZA, C. R. de G.; FILHO, P. W. M. S.; ESTEVES, L. S.; VITAL, H.; DILLENBURG, S. R.; PATCHINEELAM, S. M.; ADDAD, J. E. Praias arenosas e eros\u00e3o costeira. In: SOUZA, C. R. de G. (ed.). Quatern\u00e1rio do Brasil. Ribeir\u00e3o Preto: Holos Editora, 2005.<\/span><\/span><\/span><\/p>\n<p style=\"TEXT-ALIGN: justify; FONT-FAMILY: \"><span style=\"font-family: comic sans ms,sans-serif;\"><span style=\"color: #888888;\"><span style=\"font-size: x-small;\">REGO, E. L. A plan\u00edcie costeira do munic\u00edpio de Aracaju: evolu\u00e7\u00e3o geol\u00f3gico-geomorfol\u00f3gica e degrada\u00e7\u00e3o ambiental. Monografia. (P\u00f3s-Gradua\u00e7\u00e3o \u2013 Latu sensu \u2013 Ecologia e Conserva\u00e7\u00e3o de Ecossistemas Costeiros), Universidade Federal de Sergipe, S\u00e3o Crist\u00f3v\u00e3o, 2007.<\/span><\/span><\/span><\/p>\n<p style=\"TEXT-ALIGN: justify\"><span style=\"font-family: comic sans ms,sans-serif;\"><span style=\"color: #888888;\"><span style=\"font-size: x-small;\">VIEIRA, R. C. A.; DI GIOVANNI, P. C.; S\u00c1, O. R. de. Educa\u00e7\u00e3o ambiental e ecossistemas aqu\u00e1ticos: uma experi\u00eancia no aqu\u00e1rio de Ubatuba, S\u00e3o Paulo. Revista Fafibe On Line, Bebedouro, SP, n\u00famero 3, agosto. 2007. Dispon\u00edvel em: &lt;<\/span><\/span><\/span><a style=\"FONT-FAMILY: \" href=\"http:\/\/www.fafibe.br\/revistaonline\/arquivos\/patricia_educacao_ambiental_ecossistemas_aquaticos.pdf\"><span style=\"font-family: comic sans ms,sans-serif;\"><span style=\"color: #888888;\"><span style=\"font-size: x-small;\">http:\/\/www.fafibe.br\/revistaonline\/arquivos\/patricia_educacao_ambiental_ecossistemas_aquaticos.pdf<\/span><\/span><\/span><\/a><span style=\"font-family: comic sans ms,sans-serif;\"><span style=\"color: #888888;\"><span style=\"font-size: x-small;\">&gt;. Acesso em: 09 jan. 09.<\/span><\/span><\/span><strong>\u00a0<\/strong><\/p>\n<p style=\"TEXT-ALIGN: justify\"><span style=\"font-family: comic sans ms,sans-serif;\"><span style=\"color: #888888;\"><span style=\"font-size: x-small;\">Sites:<br \/>\n<a style=\"FONT-FAMILY: \" href=\"http:\/\/www.cem.ufpr.br\/praia\/pagina\/pagina.php?menu=praias\"><span style=\"font-family: comic sans ms,sans-serif;\"><span style=\"color: #888888;\"><span style=\"font-size: x-small;\">http:\/\/www.cem.ufpr.br\/praia\/pagina\/pagina.php?menu=praias<\/span><\/span><\/span><\/a><span style=\"font-family: comic sans ms,sans-serif;\"><span style=\"color: #888888;\"><span style=\"font-size: x-small;\"> <br \/>\n<\/span><\/span><\/span><a style=\"FONT-FAMILY: \" href=\"http:\/\/www7.cptec.inpe.br\/\"><span style=\"font-family: comic sans ms,sans-serif;\"><span style=\"color: #888888;\"><span style=\"font-size: x-small;\">http:\/\/www7.cptec.inpe.br\/<\/span><\/span><\/span><\/a><span style=\"font-family: comic sans ms,sans-serif;\"><span style=\"color: #888888;\"><span style=\"font-size: x-small;\"> <\/span><\/span><\/span><\/span><\/span><\/span><\/p>\n<p style=\"TEXT-ALIGN: justify\"><span style=\"font-family: comic sans ms,sans-serif;\"><span style=\"color: #888888;\"><span style=\"font-size: x-small;\"><span style=\"font-family: comic sans ms,sans-serif;\"><span style=\"color: #888888;\"><\/span><\/span><\/span><\/span><\/span><\/p>\n<p style=\"text-align: center;\"><span style=\"font-family: comic sans ms,sans-serif;\"><span style=\"color: #888888;\"><span style=\"font-size: x-small;\"><span style=\"font-family: comic sans ms,sans-serif;\"><span style=\"color: #888888;\"><span style=\"font-size: x-small;\"><a href=\"http:\/\/www.labec.com.br\/biodigital\/ambientes\/\"><span style=\"color: #808000;\"><span style=\"font-size: medium;\"><strong>VOLTAR<\/strong><\/span><\/span><\/a><\/span><\/span><\/span><\/span><\/span><\/span><\/p>\n<\/p>\n<\/p><\/p>\n","protected":false},"excerpt":{"rendered":"<p>Praia Arenosa do Litoral Norte Sergipano A zona costeira, apesar de corresponder a uma pequena porcentagem da Terra, abriga cerca dois ter\u00e7os da popula\u00e7\u00e3o mundial, atraindo as pessoas e aumentando cada vez mais a sua densidade demogr\u00e1fica. No Brasil a costa \u00e9 constitu\u00edda de aproximadamente 9.200 km de comprimento real, enquanto o estado de Sergipe [&hellip;]<\/p>\n","protected":false},"author":2,"featured_media":0,"parent":39,"menu_order":0,"comment_status":"open","ping_status":"open","template":"","meta":{"ngg_post_thumbnail":0},"_links":{"self":[{"href":"http:\/\/www.labec.com.br\/biodigital\/wp-json\/wp\/v2\/pages\/1818"}],"collection":[{"href":"http:\/\/www.labec.com.br\/biodigital\/wp-json\/wp\/v2\/pages"}],"about":[{"href":"http:\/\/www.labec.com.br\/biodigital\/wp-json\/wp\/v2\/types\/page"}],"author":[{"embeddable":true,"href":"http:\/\/www.labec.com.br\/biodigital\/wp-json\/wp\/v2\/users\/2"}],"replies":[{"embeddable":true,"href":"http:\/\/www.labec.com.br\/biodigital\/wp-json\/wp\/v2\/comments?post=1818"}],"version-history":[{"count":8,"href":"http:\/\/www.labec.com.br\/biodigital\/wp-json\/wp\/v2\/pages\/1818\/revisions"}],"predecessor-version":[{"id":1832,"href":"http:\/\/www.labec.com.br\/biodigital\/wp-json\/wp\/v2\/pages\/1818\/revisions\/1832"}],"up":[{"embeddable":true,"href":"http:\/\/www.labec.com.br\/biodigital\/wp-json\/wp\/v2\/pages\/39"}],"wp:attachment":[{"href":"http:\/\/www.labec.com.br\/biodigital\/wp-json\/wp\/v2\/media?parent=1818"}],"curies":[{"name":"wp","href":"https:\/\/api.w.org\/{rel}","templated":true}]}}