{"id":1037,"date":"2009-07-02T17:06:06","date_gmt":"2009-07-02T20:06:06","guid":{"rendered":"http:\/\/www.labec.com.br\/biodigital\/?page_id=1037"},"modified":"2012-04-11T10:19:27","modified_gmt":"2012-04-11T13:19:27","slug":"classificacao","status":"publish","type":"page","link":"http:\/\/www.labec.com.br\/biodigital\/fauna\/arthropoda\/classificacao\/","title":{"rendered":"Classifica\u00e7\u00e3o"},"content":{"rendered":"<p style=\"text-align: justify;\"><span style=\"font-family: comic sans ms,sans-serif;\"><span style=\"font-size: small;\"><span style=\"font-size: medium;\"><strong>Subfilo Trilobita<\/strong> <\/span>\u2013 formas extintas. O corpo est\u00e1 dividido tr\u00eas lobos e a cabe\u00e7a, t\u00f3rax e abd\u00f4men encontram-se distintos.<br \/>\n <\/span><\/span><span style=\"font-family: comic sans ms,sans-serif;\"><span style=\"font-size: small;\"><span style=\"font-family: comic sans ms,sans-serif;\">\u00a0<\/span><\/span><\/span><\/p>\n<p style=\"text-align: justify;\"><span style=\"font-family: comic sans ms,sans-serif;\"><strong><span style=\"font-size: medium;\"><br \/>\n Subfilo Chelicerata<\/span><\/strong> \u2013 <span style=\"font-size: small;\">possuem al\u00e9m das quel\u00edceras, um par de pedipalpos e quatro pares de pernas. N\u00e3o t\u00eam antenas, nem mand\u00edbulas. O cefalot\u00f3rax e abd\u00f4men geralmente n\u00e3o s\u00e3o segmentados. Subdivide-se nas classes:<\/span><\/span><\/p>\n<ul>\n<li>\n<div style=\"text-align: justify;\"><span style=\"font-family: comic sans ms,sans-serif;\"><span style=\"font-size: small;\"><span style=\"font-family: comic sans ms,sans-serif;\"><span style=\"font-size: small;\">Classe Merostomata<\/span><\/span><\/span><\/span><\/div>\n<\/li>\n<li>\n<div style=\"text-align: justify;\"><span style=\"font-family: comic sans ms,sans-serif;\"><span style=\"font-size: small;\">Classe Pycnogonida<\/span><\/span><\/div>\n<\/li>\n<li>\n<div style=\"text-align: justify;\"><span style=\"font-family: comic sans ms,sans-serif;\"><span style=\"font-size: small;\">Classe Arachnida<\/span><\/span><\/div>\n<\/li>\n<\/ul>\n<p style=\"text-align: justify;\"><span style=\"font-family: comic sans ms,sans-serif;\"><span style=\"font-size: small;\">\u00a0<\/span><\/span><\/p>\n<p style=\"text-align: justify;\"><span style=\"font-family: comic sans ms,sans-serif;\"><span style=\"color: #000000;\"><strong><span style=\"font-size: medium;\"><a href=\"http:\/\/www.labec.com.br\/biodigital\/fauna\/arthropoda\/classificacao\/crustacea\"><span style=\"color: #808000;\">Subfilo Crustacea<\/span><\/a><\/span><\/strong> <\/span>\u2013 <span style=\"font-size: small;\">maioria aqu\u00e1tico, com br\u00e2nquias. Apresentam ap\u00eandices birremes, dois pares de antenas, um par de mand\u00edbulas e dois pares de maxilas.<\/span><\/span><\/p>\n<p style=\"text-align: justify;\"><span style=\"font-family: comic sans ms,sans-serif;\"><strong><span style=\"font-size: medium;\">\u00a0<\/span><\/strong><\/span><\/p>\n<p style=\"text-align: justify;\"><span style=\"font-family: comic sans ms,sans-serif;\"><strong><span style=\"font-size: medium;\">Subfilo Uniramia<\/span><\/strong> \u2013 <span style=\"font-size: small;\">possuem ap\u00eandices unirremes, um par de antenas, um par de mand\u00edbulas e um ou dois pares de maxilas. Subdivide-se nas classes:<\/span><\/span><\/p>\n<ul>\n<li>\n<div style=\"text-align: justify;\"><span style=\"font-family: comic sans ms,sans-serif;\"><span style=\"font-size: small;\">Classe Diplopoda<\/span><\/span><\/div>\n<\/li>\n<li>\n<div style=\"text-align: justify;\"><span style=\"font-family: comic sans ms,sans-serif;\"><span style=\"font-size: small;\">Classe Chilopoda<\/span><\/span><\/div>\n<\/li>\n<li>\n<div style=\"text-align: justify;\"><span style=\"font-family: comic sans ms,sans-serif;\"><span style=\"font-size: small;\">Classe Pauropoda<\/span><\/span><\/div>\n<\/li>\n<li>\n<div style=\"text-align: justify;\"><span style=\"font-family: comic sans ms,sans-serif;\"><span style=\"font-size: small;\">Classe Symphyla<\/span><\/span><\/div>\n<\/li>\n<li>\n<div style=\"text-align: justify;\"><span style=\"font-family: comic sans ms,sans-serif;\"><span style=\"font-size: small;\">Classe Insecta<\/span><\/span><\/div>\n<\/li>\n<\/ul>\n<p style=\"text-align: justify;\"><span style=\"font-family: comic sans ms,sans-serif;\"><span style=\"font-size: small;\">\u00a0<\/span><\/span><\/p>\n<p style=\"text-align: center;\"><span style=\"font-family: comic sans ms,sans-serif;\"><span style=\"font-size: medium;\"><strong><a href=\"http:\/\/www.labec.com.br\/biodigital\/fauna\/arthropoda\"><span style=\"color: #808000;\">VOLTAR<\/span><\/a><\/strong><\/span><\/span><\/p>\n","protected":false},"excerpt":{"rendered":"<p>Subfilo Trilobita \u2013 formas extintas. O corpo est\u00e1 dividido tr\u00eas lobos e a cabe\u00e7a, t\u00f3rax e abd\u00f4men encontram-se distintos. \u00a0 Subfilo Chelicerata \u2013 possuem al\u00e9m das quel\u00edceras, um par de pedipalpos e quatro pares de pernas. N\u00e3o t\u00eam antenas, nem mand\u00edbulas. O cefalot\u00f3rax e abd\u00f4men geralmente n\u00e3o s\u00e3o segmentados. Subdivide-se nas classes: Classe Merostomata Classe [&hellip;]<\/p>\n","protected":false},"author":2,"featured_media":0,"parent":101,"menu_order":0,"comment_status":"open","ping_status":"open","template":"","meta":{"ngg_post_thumbnail":0},"_links":{"self":[{"href":"http:\/\/www.labec.com.br\/biodigital\/wp-json\/wp\/v2\/pages\/1037"}],"collection":[{"href":"http:\/\/www.labec.com.br\/biodigital\/wp-json\/wp\/v2\/pages"}],"about":[{"href":"http:\/\/www.labec.com.br\/biodigital\/wp-json\/wp\/v2\/types\/page"}],"author":[{"embeddable":true,"href":"http:\/\/www.labec.com.br\/biodigital\/wp-json\/wp\/v2\/users\/2"}],"replies":[{"embeddable":true,"href":"http:\/\/www.labec.com.br\/biodigital\/wp-json\/wp\/v2\/comments?post=1037"}],"version-history":[{"count":12,"href":"http:\/\/www.labec.com.br\/biodigital\/wp-json\/wp\/v2\/pages\/1037\/revisions"}],"predecessor-version":[{"id":1056,"href":"http:\/\/www.labec.com.br\/biodigital\/wp-json\/wp\/v2\/pages\/1037\/revisions\/1056"}],"up":[{"embeddable":true,"href":"http:\/\/www.labec.com.br\/biodigital\/wp-json\/wp\/v2\/pages\/101"}],"wp:attachment":[{"href":"http:\/\/www.labec.com.br\/biodigital\/wp-json\/wp\/v2\/media?parent=1037"}],"curies":[{"name":"wp","href":"https:\/\/api.w.org\/{rel}","templated":true}]}}